{"id":377,"date":"2021-12-22T10:14:54","date_gmt":"2021-12-22T10:14:54","guid":{"rendered":"https:\/\/kita-obertheres.de\/?page_id=377"},"modified":"2021-12-22T10:14:54","modified_gmt":"2021-12-22T10:14:54","slug":"digitale-medien","status":"publish","type":"page","link":"https:\/\/kita-obertheres.de\/?page_id=377","title":{"rendered":"Digitale Medien"},"content":{"rendered":"\n<p>Seit Oktober 2018 sind wir eine Medienkita. Das hei\u00dft wir wurden in einem Modellprojekt \u00fcber 3 Jahre vom Staatsinstitut f\u00fcr Fr\u00fchp\u00e4dagogik (IFP) begleitet und in die Thematik \u201eMedien im Kita-Alltag\u201c eingef\u00fchrt. Das Tablett soll dabei unsere Arbeit im Alltag erleichtern und die Kinder besser miteinbeziehen. So k\u00f6nnen sie z.B. ihre gebauten Sachen oder Kunstwerke fotografieren und mit unserer Hilfe ihre eigene Portfolioseite erstellen. Auch f\u00fcr H\u00f6rspiele in der Geschichten-Zeit oder f\u00fcr kleine Filmprojekte wird das Tablett genutzt. In der Kita nutzen wir Medien unter anderem in folgenden Bereichen: Unterhaltung, Abtauchen in Abenteuer, Verarbeitung von Emotionen, Orientierung, Wissensvermittlung, Erleben von Gemeinschaft. Gerne k\u00f6nnen Sie in der Einrichtung das ausf\u00fchrliche Medienkonzept einsehen.<\/p>\n","protected":false},"excerpt":{"rendered":"<p>Seit Oktober 2018 sind wir eine Medienkita. Das hei\u00dft wir wurden in einem Modellprojekt \u00fcber 3 Jahre vom Staatsinstitut f\u00fcr Fr\u00fchp\u00e4dagogik (IFP) begleitet und in die Thematik \u201eMedien im Kita-Alltag\u201c eingef\u00fchrt. Das Tablett soll dabei unsere Arbeit im Alltag erleichtern [&hellip;]<\/p>\n","protected":false},"author":1,"featured_media":0,"parent":0,"menu_order":0,"comment_status":"closed","ping_status":"closed","template":"","meta":{"_coblocks_attr":"","_coblocks_dimensions":"","_coblocks_responsive_height":"","_coblocks_accordion_ie_support":"","footnotes":""},"class_list":["post-377","page","type-page","status-publish","hentry"],"_links":{"self":[{"href":"https:\/\/kita-obertheres.de\/index.php?rest_route=\/wp\/v2\/pages\/377"}],"collection":[{"href":"https:\/\/kita-obertheres.de\/index.php?rest_route=\/wp\/v2\/pages"}],"about":[{"href":"https:\/\/kita-obertheres.de\/index.php?rest_route=\/wp\/v2\/types\/page"}],"author":[{"embeddable":true,"href":"https:\/\/kita-obertheres.de\/index.php?rest_route=\/wp\/v2\/users\/1"}],"replies":[{"embeddable":true,"href":"https:\/\/kita-obertheres.de\/index.php?rest_route=%2Fwp%2Fv2%2Fcomments&post=377"}],"version-history":[{"count":1,"href":"https:\/\/kita-obertheres.de\/index.php?rest_route=\/wp\/v2\/pages\/377\/revisions"}],"predecessor-version":[{"id":378,"href":"https:\/\/kita-obertheres.de\/index.php?rest_route=\/wp\/v2\/pages\/377\/revisions\/378"}],"wp:attachment":[{"href":"https:\/\/kita-obertheres.de\/index.php?rest_route=%2Fwp%2Fv2%2Fmedia&parent=377"}],"curies":[{"name":"wp","href":"https:\/\/api.w.org\/{rel}","templated":true}]}}