{"id":156,"date":"2021-05-12T18:21:16","date_gmt":"2021-05-12T18:21:16","guid":{"rendered":"https:\/\/kita-obertheres.de\/?page_id=156"},"modified":"2022-05-11T11:13:08","modified_gmt":"2022-05-11T11:13:08","slug":"kontakte-zu-anderen-einrichtungen","status":"publish","type":"page","link":"https:\/\/kita-obertheres.de\/?page_id=156","title":{"rendered":"Kontakte zu anderen Einrichtungen"},"content":{"rendered":"\n<p>W\u00e4hrend der Zeit des Aufenthaltes in unserer Kita, ist es manchmal notwendig das Kind in seiner Entwicklung gezielt zu unterst\u00fctzen. Wir haben einen gro\u00dfen Tool an kompetenten Fachkr\u00e4ften zur Auswahl, die uns bei der Findung einer geeigneter F\u00f6rderung beratend zur Seite stehen.<\/p>\n\n\n\n<p>Der <strong>pers\u00f6nliche Kinderarzt<\/strong> ist mit R\u00fccksprache der Eltern der erste Ansprechpartner, wenn es Fragen zum Entwicklungsstand des Kindes gibt.<\/p>\n\n\n\n<p>Wir arbeiten mit folgenden Einrichtungen zusammen:<\/p>\n\n\n\n<p><\/p>\n\n\n\n<figure class=\"wp-block-table alignwide is-style-stripes\"><table><tbody><tr><td><strong>Einrichtung<\/strong><\/td><td><strong>Ort<\/strong><\/td><td><\/td><td><strong>Ansprechpartner<\/strong><\/td><\/tr><tr><td>Beratungsstelle f\u00fcr Familien<\/td><td> Ha\u00dffurt<\/td><td><\/td><td>Christian Brauner<\/td><\/tr><tr><td>MSH &#8211; Sonderp\u00e4dagogisches F\u00f6rderzentrum Franz-Ludwig-von-Erthal Schule<\/td><td>Ha\u00dffurt<\/td><td><\/td><td>Sabine Schmitt-Feldner<\/td><\/tr><tr><td>MSH- Lebenshilfe f\u00fcr Menschen mit geistiger Behinderung<\/td><td> Ha\u00dffurt<\/td><td><\/td><td>Gerlinde Schmitt<\/td><\/tr><tr><td>Caritas-Fr\u00fchf\u00f6rderstelle<\/td><td>Ha\u00dffurt<\/td><td><\/td><td>Margit J\u00e4cklein<\/td><\/tr><tr><td>Logop\u00e4dische Praxis<\/td><td>Ha\u00dffurt<\/td><td><\/td><td>Fabiola Ru\u00df<\/td><\/tr><tr><td>Gesundheitsamt Ha\u00dffurt<\/td><td>Ha\u00dffurt<\/td><td><\/td><td>Stephan Leitschuh<\/td><\/tr><tr><td>Landratsamt Ha\u00dfberge<\/td><td> Ha\u00dffurt<\/td><td><\/td><td>Katharina Tschischka (Fachaufsicht Kindertagesst\u00e4tten)<\/td><\/tr><tr><td>KoKi\/Familienzentrum<\/td><td>Ha\u00dffurt<\/td><td><\/td><td>Ursula Salberg<\/td><\/tr><tr><td>AOK Schweinfurt (Jolinchen Kids) <\/td><td>Schweinfurt<\/td><td><\/td><td>Johannes Kiepe<\/td><\/tr><tr><td>Kampfkunstverein Gong Fu<\/td><td>Wonfurt<\/td><td><\/td><td>Norbert Klement<\/td><\/tr><tr><td>Jogomusik<\/td><td> Wonfurt<\/td><td><\/td><td>Joachim G\u00f6bel <\/td><\/tr><\/tbody><\/table><\/figure>\n\n\n\n<p><\/p>\n\n\n\n<p><\/p>\n","protected":false},"excerpt":{"rendered":"<p>W\u00e4hrend der Zeit des Aufenthaltes in unserer Kita, ist es manchmal notwendig das Kind in seiner Entwicklung gezielt zu unterst\u00fctzen. Wir haben einen gro\u00dfen Tool an kompetenten Fachkr\u00e4ften zur Auswahl, die uns bei der Findung einer geeigneter F\u00f6rderung beratend zur [&hellip;]<\/p>\n","protected":false},"author":1,"featured_media":0,"parent":0,"menu_order":0,"comment_status":"closed","ping_status":"closed","template":"","meta":{"_coblocks_attr":"","_coblocks_dimensions":"","_coblocks_responsive_height":"","_coblocks_accordion_ie_support":"","footnotes":""},"class_list":["post-156","page","type-page","status-publish","hentry"],"_links":{"self":[{"href":"https:\/\/kita-obertheres.de\/index.php?rest_route=\/wp\/v2\/pages\/156"}],"collection":[{"href":"https:\/\/kita-obertheres.de\/index.php?rest_route=\/wp\/v2\/pages"}],"about":[{"href":"https:\/\/kita-obertheres.de\/index.php?rest_route=\/wp\/v2\/types\/page"}],"author":[{"embeddable":true,"href":"https:\/\/kita-obertheres.de\/index.php?rest_route=\/wp\/v2\/users\/1"}],"replies":[{"embeddable":true,"href":"https:\/\/kita-obertheres.de\/index.php?rest_route=%2Fwp%2Fv2%2Fcomments&post=156"}],"version-history":[{"count":9,"href":"https:\/\/kita-obertheres.de\/index.php?rest_route=\/wp\/v2\/pages\/156\/revisions"}],"predecessor-version":[{"id":493,"href":"https:\/\/kita-obertheres.de\/index.php?rest_route=\/wp\/v2\/pages\/156\/revisions\/493"}],"wp:attachment":[{"href":"https:\/\/kita-obertheres.de\/index.php?rest_route=%2Fwp%2Fv2%2Fmedia&parent=156"}],"curies":[{"name":"wp","href":"https:\/\/api.w.org\/{rel}","templated":true}]}}